	{"id":176,"date":"2017-05-15T14:46:57","date_gmt":"2017-05-15T12:46:57","guid":{"rendered":"http:\/\/bonycom.hu\/?page_id=176"},"modified":"2025-04-14T14:24:10","modified_gmt":"2025-04-14T12:24:10","slug":"szilard-hulladekszallitas-szemetszallitas","status":"publish","type":"page","link":"http:\/\/bonycom.hu\/old\/tevekenysegeink\/szilard-hulladekszallitas-szemetszallitas\/","title":{"rendered":"Szil\u00e1rd hullad\u00e9ksz\u00e1ll\u00edt\u00e1s (szem\u00e9tsz\u00e1ll\u00edt\u00e1s)"},"content":{"rendered":"<p><strong><span style=\"font-size: 12px;\">T\u00e1j\u00e9koztatjuk a Tisztelt Lakoss\u00e1got, tov\u00e1bb\u00e1 valamennyi \u00e9rintett Gazd\u00e1lkod\u00f3 szervezetet, K\u00f6lts\u00e9gvet\u00e9si szervet \u00e9s T\u00e1rsash\u00e1zat, hogy a Bonyh\u00e1d V\u00e1ros \u00d6nkorm\u00e1nyzat\u00e1nak tulajdon\u00e1ban \u00e1ll\u00f3 Bonycom Nonprofit Kft. hullad\u00e9kgazd\u00e1lkod\u00e1si k\u00f6zszolg\u00e1ltat\u00e1si tev\u00e9kenys\u00e9ge 2017. \u00e1prilis 30. napj\u00e1val megsz\u0171nt.<\/span><\/strong><\/p>\r\n<p><span style=\"font-size: 12px;\"><strong>Bonyh\u00e1d V\u00e1ros \u00d6nkorm\u00e1nyzata \u00e9s a tov\u00e1bbi \u00e9rintett \u00f6nkorm\u00e1nyzatok d\u00f6nt\u00e9se alapj\u00e1n 2017. m\u00e1jus 1. napj\u00e1t\u00f3l a hullad\u00e9kgazd\u00e1lkod\u00e1si k\u00f6zszolg\u00e1ltat\u00e1st a D\u00e9l-Kom Nonprofit Kft. l\u00e1tja el<\/strong>.<\/span><\/p>\r\n<p><span style=\"font-size: 12px;\"><strong>Az \u00e1talakul\u00e1s k\u00f6vetkezt\u00e9ben <u>2017. m\u00e1jus 1. napj\u00e1t\u00f3l kezd\u0151d\u0151en<\/u> a Bonycom Nonprofit Kft. kor\u00e1bbi ell\u00e1t\u00e1si ter\u00fclet\u00e9nek (Bonyh\u00e1d, Bonyh\u00e1dvarasd, Izm\u00e9ny, Kisdorog, Kisvejke, Nagyvejke, Kakasd, Aparhant, Lengyel, M\u0151cs\u00e9ny, Mucsfa, V\u00e1ralja, Z\u00e1vod) hullad\u00e9kgazd\u00e1lkod\u00e1si k\u00f6zszolg\u00e1ltat\u00f3ja a D\u00e9l-Kom Nonprofit Kft. lett.<\/strong><\/span><\/p>\r\n<p><span style=\"font-size: 12px;\"><u><\/u><\/span><span style=\"font-size: 12px;\"><strong>Tov\u00e1bbi \u00fcgyint\u00e9z\u00e9sre az al\u00e1bbi el\u00e9rhet\u0151s\u00e9geken van lehet\u0151s\u00e9g:<\/strong><\/span><\/p>\r\n<p style=\"text-align: left;\"><span style=\"font-size: 12px;\"><strong><u>A bonyh\u00e1di \u00fcgyf\u00e9lk\u00e9pviselet<\/u><span style=\"font-size: 8px;\">\u00a0\u00a0<\/span><\/strong><\/span><span style=\"font-size: 12px;\">v\u00e1ltozatlan helyen \u00e9s \u00fcgyf\u00e9lfogad\u00e1si rendben v\u00e1rja \u00fcgyfeleit:\u00a0<\/span><\/p>\r\n<p style=\"text-align: left;\"><span style=\"font-size: 12px;\"><strong>C\u00edm: 7150 Bonyh\u00e1d, Sz\u00e9chenyi t\u00e9r 12. \u00a0 \u00a0 \u00a0 \u00a0 \u00a0 \u00a0 \u00a0 \u00a0 \u00a0 \u00a0 \u00a0 \u00a0 \u00a0 \u00a0 \u00a0 \u00a0 \u00a0 \u00a0 \u00a0 \u00a0 \u00a0 \u00a0 \u00a0 \u00a0 \u00a0 \u00a0 \u00a0 \u00a0<\/strong><\/span><span style=\"font-size: 12px;\"><strong>\u00a0<\/strong><\/span><span style=\"font-size: 12px;\"><strong>Telefon: 72\/805-410<\/strong><\/span><\/p>\r\n<p style=\"text-align: left;\"><strong><span style=\"font-size: 12px;\">Nyitva tart\u00e1s: <\/span><\/strong><span style=\"font-size: 12px;\">H\u00e9tf\u0151 8:00-14:00, Kedd: 8:00-18:00, Szerda: 8:00-14:00, Cs\u00fct\u00f6rt\u00f6k: z\u00e1rva, P\u00e9ntek: 8:00-14:00<\/span><\/p>\r\n<p style=\"text-align: left;\"><span style=\"font-size: 12px;\"><strong><span style=\"text-decoration: underline;\">Hullad\u00e9ksz\u00e1ll\u00edt\u00e1s helyi k\u00e9pviselet:<\/span>\u00a0 7150 Bonyh\u00e1d, Mikes utca 3.\u00a0 \u00a0 \u00a0 \u00a0 \u00a0<\/strong><\/span><span style=\"font-size: 12px;\"><strong>Telefon: 74\/311-584<\/strong><\/span><\/p>\r\n<p style=\"text-align: left;\"><span style=\"font-size: 12px;\"><strong><u>K\u00f6zponti \u00fcgyf\u00e9lszolg\u00e1lat<\/u>:\u00a0<\/strong><\/span><span style=\"font-size: 12px;\"><strong>7632 P\u00e9cs, Sikl\u00f3si \u00fat 52. \u00a0 \u00a0 \u00a0 \u00a0 \u00a0 \u00a0 \u00a0 \u00a0 \u00a0 \u00a0 \u00a0 \u00a0 \u00a0 \u00a0 \u00a0 \u00a0 \u00a0 Telefon: 72\/502-101; 72\/502-111<\/strong><\/span><\/p>\r\n<p style=\"text-align: left;\"><span style=\"font-size: 12px;\"><strong>Nyitva tart\u00e1s:<\/strong>\u00a0H\u00e9tf\u0151: 8:00 &#8211; 20:00, Kedd &#8211; Szerda &#8211; Cs\u00fct\u00f6rt\u00f6k &#8211; P\u00e9ntek: 8:00 &#8211; 18:00, Szombat: 8:00 &#8211; 13:00<\/span><\/p>\r\n<p style=\"text-align: left;\"><span style=\"font-size: 12px;\"><strong>E-mail:<\/strong> <a href=\"mailto:delkom@delkom.hu\">delkom@delkom.hu<\/a><\/span><\/p>\r\n<p style=\"text-align: left;\"><span style=\"font-size: 12px;\"><strong>Tov\u00e1bbi \u00fcgyf\u00e9lk\u00e9pviseletek el\u00e9rhet\u0151s\u00e9ge \u00e9s egy\u00e9b inform\u00e1ci\u00f3k:<\/strong> <a href=\"http:\/\/www.delkom.hu\">www.delkom.hu<\/a><\/span><\/p>","protected":false},"excerpt":{"rendered":"T\u00e1j\u00e9koztatjuk a Tisztelt Lakoss\u00e1got, tov\u00e1bb\u00e1 valamennyi \u00e9rintett Gazd\u00e1lkod\u00f3 szervezetet, K\u00f6lts\u00e9gvet\u00e9si szervet \u00e9s T\u00e1rsash\u00e1zat, hogy a Bonyh\u00e1d V\u00e1ros \u00d6nkorm\u00e1nyzat\u00e1nak tulajdon\u00e1ban \u00e1ll\u00f3 Bonycom Nonprofit Kft. hullad\u00e9kgazd\u00e1lkod\u00e1si k\u00f6zszolg\u00e1ltat\u00e1si tev\u00e9kenys\u00e9ge 2017. \u00e1prilis 30. napj\u00e1val megsz\u0171nt. Bonyh\u00e1d V\u00e1ros \u00d6nkorm\u00e1nyzata \u00e9s a tov\u00e1bbi \u00e9rintett \u00f6nkorm\u00e1nyzatok d\u00f6nt\u00e9se<span class=\"ellipsis\">&hellip;<\/span><div class=\"read-more\"><a href=\"http:\/\/bonycom.hu\/old\/tevekenysegeink\/szilard-hulladekszallitas-szemetszallitas\/\">Tov\u00e1bb \u203a<\/a><\/div><!-- end of .read-more -->","protected":false},"author":3,"featured_media":0,"parent":174,"menu_order":0,"comment_status":"closed","ping_status":"closed","template":"","meta":{"_monsterinsights_skip_tracking":false,"_monsterinsights_sitenote_active":false,"_monsterinsights_sitenote_note":"","_monsterinsights_sitenote_category":0,"footnotes":""},"class_list":["post-176","page","type-page","status-publish","hentry"],"yoast_head":"<!-- This site is optimized with the Yoast SEO plugin v26.6 - https:\/\/yoast.com\/wordpress\/plugins\/seo\/ -->\n<title>Szil\u00e1rd hullad\u00e9ksz\u00e1ll\u00edt\u00e1s (szem\u00e9tsz\u00e1ll\u00edt\u00e1s) - Bonycom - Bonyh\u00e1di K\u00f6z\u00fczemi Nonprofit Kft.<\/title>\n<meta name=\"robots\" content=\"index, follow, max-snippet:-1, max-image-preview:large, max-video-preview:-1\" \/>\n<link rel=\"canonical\" href=\"http:\/\/bonycom.hu\/old\/tevekenysegeink\/szilard-hulladekszallitas-szemetszallitas\/\" \/>\n<meta property=\"og:locale\" content=\"hu_HU\" \/>\n<meta property=\"og:type\" content=\"article\" \/>\n<meta property=\"og:title\" content=\"Szil\u00e1rd hullad\u00e9ksz\u00e1ll\u00edt\u00e1s (szem\u00e9tsz\u00e1ll\u00edt\u00e1s) - Bonycom - Bonyh\u00e1di K\u00f6z\u00fczemi Nonprofit Kft.\" \/>\n<meta property=\"og:description\" content=\"T\u00e1j\u00e9koztatjuk a Tisztelt Lakoss\u00e1got, tov\u00e1bb\u00e1 valamennyi \u00e9rintett Gazd\u00e1lkod\u00f3 szervezetet, K\u00f6lts\u00e9gvet\u00e9si szervet \u00e9s T\u00e1rsash\u00e1zat, hogy a Bonyh\u00e1d V\u00e1ros \u00d6nkorm\u00e1nyzat\u00e1nak tulajdon\u00e1ban \u00e1ll\u00f3 Bonycom Nonprofit Kft. hullad\u00e9kgazd\u00e1lkod\u00e1si k\u00f6zszolg\u00e1ltat\u00e1si tev\u00e9kenys\u00e9ge 2017. \u00e1prilis 30. napj\u00e1val megsz\u0171nt. Bonyh\u00e1d V\u00e1ros \u00d6nkorm\u00e1nyzata \u00e9s a tov\u00e1bbi \u00e9rintett \u00f6nkorm\u00e1nyzatok d\u00f6nt\u00e9se&hellip;Tov\u00e1bb \u203a\" \/>\n<meta property=\"og:url\" content=\"http:\/\/bonycom.hu\/old\/tevekenysegeink\/szilard-hulladekszallitas-szemetszallitas\/\" \/>\n<meta property=\"og:site_name\" content=\"Bonycom - Bonyh\u00e1di K\u00f6z\u00fczemi Nonprofit Kft.\" \/>\n<meta property=\"article:modified_time\" content=\"2025-04-14T12:24:10+00:00\" \/>\n<meta name=\"twitter:label1\" content=\"Becs\u00fclt olvas\u00e1si id\u0151\" \/>\n\t<meta name=\"twitter:data1\" content=\"1 perc\" \/>\n<!-- \/ Yoast SEO plugin. -->","yoast_head_json":{"title":"Szil\u00e1rd hullad\u00e9ksz\u00e1ll\u00edt\u00e1s (szem\u00e9tsz\u00e1ll\u00edt\u00e1s) - Bonycom - Bonyh\u00e1di K\u00f6z\u00fczemi Nonprofit Kft.","robots":{"index":"index","follow":"follow","max-snippet":"max-snippet:-1","max-image-preview":"max-image-preview:large","max-video-preview":"max-video-preview:-1"},"canonical":"http:\/\/bonycom.hu\/old\/tevekenysegeink\/szilard-hulladekszallitas-szemetszallitas\/","og_locale":"hu_HU","og_type":"article","og_title":"Szil\u00e1rd hullad\u00e9ksz\u00e1ll\u00edt\u00e1s (szem\u00e9tsz\u00e1ll\u00edt\u00e1s) - Bonycom - Bonyh\u00e1di K\u00f6z\u00fczemi Nonprofit Kft.","og_description":"T\u00e1j\u00e9koztatjuk a Tisztelt Lakoss\u00e1got, tov\u00e1bb\u00e1 valamennyi \u00e9rintett Gazd\u00e1lkod\u00f3 szervezetet, K\u00f6lts\u00e9gvet\u00e9si szervet \u00e9s T\u00e1rsash\u00e1zat, hogy a Bonyh\u00e1d V\u00e1ros \u00d6nkorm\u00e1nyzat\u00e1nak tulajdon\u00e1ban \u00e1ll\u00f3 Bonycom Nonprofit Kft. hullad\u00e9kgazd\u00e1lkod\u00e1si k\u00f6zszolg\u00e1ltat\u00e1si tev\u00e9kenys\u00e9ge 2017. \u00e1prilis 30. napj\u00e1val megsz\u0171nt. Bonyh\u00e1d V\u00e1ros \u00d6nkorm\u00e1nyzata \u00e9s a tov\u00e1bbi \u00e9rintett \u00f6nkorm\u00e1nyzatok d\u00f6nt\u00e9se&hellip;Tov\u00e1bb \u203a","og_url":"http:\/\/bonycom.hu\/old\/tevekenysegeink\/szilard-hulladekszallitas-szemetszallitas\/","og_site_name":"Bonycom - Bonyh\u00e1di K\u00f6z\u00fczemi Nonprofit Kft.","article_modified_time":"2025-04-14T12:24:10+00:00","twitter_misc":{"Becs\u00fclt olvas\u00e1si id\u0151":"1 perc"},"schema":{"@context":"https:\/\/schema.org","@graph":[{"@type":"WebPage","@id":"http:\/\/bonycom.hu\/old\/tevekenysegeink\/szilard-hulladekszallitas-szemetszallitas\/","url":"http:\/\/bonycom.hu\/old\/tevekenysegeink\/szilard-hulladekszallitas-szemetszallitas\/","name":"Szil\u00e1rd hullad\u00e9ksz\u00e1ll\u00edt\u00e1s (szem\u00e9tsz\u00e1ll\u00edt\u00e1s) - Bonycom - Bonyh\u00e1di K\u00f6z\u00fczemi Nonprofit Kft.","isPartOf":{"@id":"https:\/\/bonycom.hu\/old\/#website"},"datePublished":"2017-05-15T12:46:57+00:00","dateModified":"2025-04-14T12:24:10+00:00","breadcrumb":{"@id":"http:\/\/bonycom.hu\/old\/tevekenysegeink\/szilard-hulladekszallitas-szemetszallitas\/#breadcrumb"},"inLanguage":"hu","potentialAction":[{"@type":"ReadAction","target":["http:\/\/bonycom.hu\/old\/tevekenysegeink\/szilard-hulladekszallitas-szemetszallitas\/"]}]},{"@type":"BreadcrumbList","@id":"http:\/\/bonycom.hu\/old\/tevekenysegeink\/szilard-hulladekszallitas-szemetszallitas\/#breadcrumb","itemListElement":[{"@type":"ListItem","position":1,"name":"Home","item":"https:\/\/bonycom.hu\/old\/"},{"@type":"ListItem","position":2,"name":"Tev\u00e9kenys\u00e9geink","item":"https:\/\/bonycom.hu\/old\/tevekenysegeink\/"},{"@type":"ListItem","position":3,"name":"Szil\u00e1rd hullad\u00e9ksz\u00e1ll\u00edt\u00e1s (szem\u00e9tsz\u00e1ll\u00edt\u00e1s)"}]},{"@type":"WebSite","@id":"https:\/\/bonycom.hu\/old\/#website","url":"https:\/\/bonycom.hu\/old\/","name":"Bonycom - Bonyh\u00e1di K\u00f6z\u00fczemi Nonprofit Kft.","description":"","inLanguage":"hu"}]}},"_links":{"self":[{"href":"http:\/\/bonycom.hu\/old\/wp-json\/wp\/v2\/pages\/176","targetHints":{"allow":["GET"]}}],"collection":[{"href":"http:\/\/bonycom.hu\/old\/wp-json\/wp\/v2\/pages"}],"about":[{"href":"http:\/\/bonycom.hu\/old\/wp-json\/wp\/v2\/types\/page"}],"author":[{"embeddable":true,"href":"http:\/\/bonycom.hu\/old\/wp-json\/wp\/v2\/users\/3"}],"replies":[{"embeddable":true,"href":"http:\/\/bonycom.hu\/old\/wp-json\/wp\/v2\/comments?post=176"}],"version-history":[{"count":33,"href":"http:\/\/bonycom.hu\/old\/wp-json\/wp\/v2\/pages\/176\/revisions"}],"predecessor-version":[{"id":10406,"href":"http:\/\/bonycom.hu\/old\/wp-json\/wp\/v2\/pages\/176\/revisions\/10406"}],"up":[{"embeddable":true,"href":"http:\/\/bonycom.hu\/old\/wp-json\/wp\/v2\/pages\/174"}],"wp:attachment":[{"href":"http:\/\/bonycom.hu\/old\/wp-json\/wp\/v2\/media?parent=176"}],"curies":[{"name":"wp","href":"https:\/\/api.w.org\/{rel}","templated":true}]}}